{"id":1337,"date":"2022-11-29T09:58:08","date_gmt":"2022-11-29T09:58:08","guid":{"rendered":"https:\/\/neuroesplugues.com\/equip-de-treball\/"},"modified":"2022-12-23T09:23:05","modified_gmt":"2022-12-23T09:23:05","slug":"equipo-de-trabajo","status":"publish","type":"page","link":"https:\/\/neuroesplugues.com\/es\/equipo-de-trabajo\/","title":{"rendered":"Equipo de trabajo"},"content":{"rendered":"\t\t<div data-elementor-type=\"wp-page\" data-elementor-id=\"1337\" class=\"elementor elementor-1337 elementor-458\">\n\t\t\t\t\t\t\t\t\t<section class=\"elementor-section elementor-top-section elementor-element elementor-element-ce33862 elementor-section-boxed elementor-section-height-default elementor-section-height-default\" data-id=\"ce33862\" data-element_type=\"section\">\n\t\t\t\t\t\t<div class=\"elementor-container elementor-column-gap-default\">\n\t\t\t\t\t<div class=\"elementor-column elementor-col-100 elementor-top-column elementor-element elementor-element-56a7832\" data-id=\"56a7832\" data-element_type=\"column\">\n\t\t\t<div class=\"elementor-widget-wrap elementor-element-populated\">\n\t\t\t\t\t\t\t\t<div class=\"elementor-element elementor-element-7a9524a elementor-widget elementor-widget-heading\" data-id=\"7a9524a\" data-element_type=\"widget\" data-widget_type=\"heading.default\">\n\t\t\t\t<div class=\"elementor-widget-container\">\n\t\t\t<style>\/*! elementor - v3.9.2 - 21-12-2022 *\/\n.elementor-heading-title{padding:0;margin:0;line-height:1}.elementor-widget-heading .elementor-heading-title[class*=elementor-size-]>a{color:inherit;font-size:inherit;line-height:inherit}.elementor-widget-heading .elementor-heading-title.elementor-size-small{font-size:15px}.elementor-widget-heading .elementor-heading-title.elementor-size-medium{font-size:19px}.elementor-widget-heading .elementor-heading-title.elementor-size-large{font-size:29px}.elementor-widget-heading .elementor-heading-title.elementor-size-xl{font-size:39px}.elementor-widget-heading .elementor-heading-title.elementor-size-xxl{font-size:59px}<\/style><h1 class=\"elementor-heading-title elementor-size-default\">Equipo de trabajo<\/h1>\t\t<\/div>\n\t\t\t\t<\/div>\n\t\t\t\t<div class=\"elementor-element elementor-element-dc8796e elementor-widget-divider--view-line elementor-widget elementor-widget-divider\" data-id=\"dc8796e\" data-element_type=\"widget\" data-widget_type=\"divider.default\">\n\t\t\t\t<div class=\"elementor-widget-container\">\n\t\t\t<style>\/*! elementor - v3.9.2 - 21-12-2022 *\/\n.elementor-widget-divider{--divider-border-style:none;--divider-border-width:1px;--divider-color:#2c2c2c;--divider-icon-size:20px;--divider-element-spacing:10px;--divider-pattern-height:24px;--divider-pattern-size:20px;--divider-pattern-url:none;--divider-pattern-repeat:repeat-x}.elementor-widget-divider .elementor-divider{display:flex}.elementor-widget-divider .elementor-divider__text{font-size:15px;line-height:1;max-width:95%}.elementor-widget-divider .elementor-divider__element{margin:0 var(--divider-element-spacing);flex-shrink:0}.elementor-widget-divider .elementor-icon{font-size:var(--divider-icon-size)}.elementor-widget-divider .elementor-divider-separator{display:flex;margin:0;direction:ltr}.elementor-widget-divider--view-line_icon .elementor-divider-separator,.elementor-widget-divider--view-line_text .elementor-divider-separator{align-items:center}.elementor-widget-divider--view-line_icon .elementor-divider-separator:after,.elementor-widget-divider--view-line_icon .elementor-divider-separator:before,.elementor-widget-divider--view-line_text .elementor-divider-separator:after,.elementor-widget-divider--view-line_text .elementor-divider-separator:before{display:block;content:\"\";border-bottom:0;flex-grow:1;border-top:var(--divider-border-width) var(--divider-border-style) var(--divider-color)}.elementor-widget-divider--element-align-left .elementor-divider .elementor-divider-separator>.elementor-divider__svg:first-of-type{flex-grow:0;flex-shrink:100}.elementor-widget-divider--element-align-left .elementor-divider-separator:before{content:none}.elementor-widget-divider--element-align-left .elementor-divider__element{margin-left:0}.elementor-widget-divider--element-align-right .elementor-divider .elementor-divider-separator>.elementor-divider__svg:last-of-type{flex-grow:0;flex-shrink:100}.elementor-widget-divider--element-align-right .elementor-divider-separator:after{content:none}.elementor-widget-divider--element-align-right .elementor-divider__element{margin-right:0}.elementor-widget-divider:not(.elementor-widget-divider--view-line_text):not(.elementor-widget-divider--view-line_icon) .elementor-divider-separator{border-top:var(--divider-border-width) var(--divider-border-style) var(--divider-color)}.elementor-widget-divider--separator-type-pattern{--divider-border-style:none}.elementor-widget-divider--separator-type-pattern.elementor-widget-divider--view-line .elementor-divider-separator,.elementor-widget-divider--separator-type-pattern:not(.elementor-widget-divider--view-line) .elementor-divider-separator:after,.elementor-widget-divider--separator-type-pattern:not(.elementor-widget-divider--view-line) .elementor-divider-separator:before,.elementor-widget-divider--separator-type-pattern:not([class*=elementor-widget-divider--view]) .elementor-divider-separator{width:100%;min-height:var(--divider-pattern-height);-webkit-mask-size:var(--divider-pattern-size) 100%;mask-size:var(--divider-pattern-size) 100%;-webkit-mask-repeat:var(--divider-pattern-repeat);mask-repeat:var(--divider-pattern-repeat);background-color:var(--divider-color);-webkit-mask-image:var(--divider-pattern-url);mask-image:var(--divider-pattern-url)}.elementor-widget-divider--no-spacing{--divider-pattern-size:auto}.elementor-widget-divider--bg-round{--divider-pattern-repeat:round}.rtl .elementor-widget-divider .elementor-divider__text{direction:rtl}.e-con-inner>.elementor-widget-divider,.e-con>.elementor-widget-divider{width:var(--container-widget-width);--flex-grow:var(--container-widget-flex-grow)}<\/style>\t\t<div class=\"elementor-divider\">\n\t\t\t<span class=\"elementor-divider-separator\">\n\t\t\t\t\t\t<\/span>\n\t\t<\/div>\n\t\t\t\t<\/div>\n\t\t\t\t<\/div>\n\t\t\t\t<div class=\"elementor-element elementor-element-df852bb elementor-widget elementor-widget-spacer\" data-id=\"df852bb\" data-element_type=\"widget\" data-widget_type=\"spacer.default\">\n\t\t\t\t<div class=\"elementor-widget-container\">\n\t\t\t<style>\/*! elementor - v3.9.2 - 21-12-2022 *\/\n.elementor-column .elementor-spacer-inner{height:var(--spacer-size)}.e-con{--container-widget-width:100%}.e-con-inner>.elementor-widget-spacer,.e-con>.elementor-widget-spacer{width:var(--container-widget-width,var(--spacer-size));--align-self:var(--container-widget-align-self,initial);--flex-shrink:0}.e-con-inner>.elementor-widget-spacer>.elementor-widget-container,.e-con-inner>.elementor-widget-spacer>.elementor-widget-container>.elementor-spacer,.e-con>.elementor-widget-spacer>.elementor-widget-container,.e-con>.elementor-widget-spacer>.elementor-widget-container>.elementor-spacer{height:100%}.e-con-inner>.elementor-widget-spacer>.elementor-widget-container>.elementor-spacer>.elementor-spacer-inner,.e-con>.elementor-widget-spacer>.elementor-widget-container>.elementor-spacer>.elementor-spacer-inner{height:var(--container-widget-height,var(--spacer-size))}<\/style>\t\t<div class=\"elementor-spacer\">\n\t\t\t<div class=\"elementor-spacer-inner\"><\/div>\n\t\t<\/div>\n\t\t\t\t<\/div>\n\t\t\t\t<\/div>\n\t\t\t\t<div class=\"elementor-element elementor-element-7b68e70 elementor-widget elementor-widget-heading\" data-id=\"7b68e70\" data-element_type=\"widget\" data-widget_type=\"heading.default\">\n\t\t\t\t<div class=\"elementor-widget-container\">\n\t\t\t<h6 class=\"elementor-heading-title elementor-size-default\">Somos un equipo joven, interdisciplinar, con una amplia experiencia cl\u00ednica y en constante formaci\u00f3n.\nNos apasiona nuestro trabajo y compartimos un objetivo com\u00fan: alcanzar el mayor bienestar posible de nuestros pacientes y sus familias.\n<\/h6>\t\t<\/div>\n\t\t\t\t<\/div>\n\t\t\t\t\t<\/div>\n\t\t<\/div>\n\t\t\t\t\t\t\t<\/div>\n\t\t<\/section>\n\t\t\t\t<section class=\"elementor-section elementor-top-section elementor-element elementor-element-a9f36e7 elementor-section-boxed elementor-section-height-default elementor-section-height-default\" data-id=\"a9f36e7\" data-element_type=\"section\" data-settings=\"{&quot;background_background&quot;:&quot;classic&quot;}\">\n\t\t\t\t\t\t<div class=\"elementor-container elementor-column-gap-default\">\n\t\t\t\t\t<div class=\"elementor-column elementor-col-100 elementor-top-column elementor-element elementor-element-85ffcf9\" data-id=\"85ffcf9\" data-element_type=\"column\">\n\t\t\t<div class=\"elementor-widget-wrap elementor-element-populated\">\n\t\t\t\t\t\t\t\t<div class=\"elementor-element elementor-element-dbeced5 elementor-widget elementor-widget-awsm-team\" data-id=\"dbeced5\" data-element_type=\"widget\" data-widget_type=\"awsm-team.default\">\n\t\t\t\t<div class=\"elementor-widget-container\">\n\t\t\t<div id=\"awsm-team-847\" class=\"awsm-grid-wrapper\">\n\t\t\n\t<div class=\"awsm-modal\">\n\t\t\t<div class=\"awsm-grid-modal awsm-grid slide-ins-style style-1 grid-3-col \">\n\t\t\t\t\t\t<div id=\"awsm-member-847-1332\" class=\"awsm-grid-card awsm-team-item awsm-scale-anm awsm-all\">\n\t\t\t\t\t<span class=\"awsm-team-link-control awsm-modal-trigger awsm-modal-trigger-1332\" data-trigger=\"#slide-ins-847-1332\">\n\t\t\t\t\t\t<figure>\n\t\t\t\t\t\t\t\t<img loading=\"lazy\" decoding=\"async\" width=\"500\" height=\"500\" src=\"https:\/\/neuroesplugues.com\/wp-content\/uploads\/2022\/12\/laura.jpg\" class=\"attachment-awsm_team size-awsm_team wp-post-image\" alt=\"\" \/>\t\t\t\t\t\t\t\t<figcaption>\n\t\t\t\t\t\t\t\t\t<div class=\"awsm-personal-info\"><span>Directora y Fundadora de NeuroEsplugues<\/span><h3>Laura Callej\u00f3n P\u00f3o<\/h3><\/div>\t\t\t\t\t\t\t\t<\/figcaption>\n\t\t\t\t\t\t<\/figure>\n\t\t\t\t\t<\/span>\n\t\t\t\t<\/div>\n\t\t\t\t\t\t\t<div id=\"awsm-member-847-1344\" class=\"awsm-grid-card awsm-team-item awsm-scale-anm awsm-all\">\n\t\t\t\t\t<span class=\"awsm-team-link-control awsm-modal-trigger awsm-modal-trigger-1344\" data-trigger=\"#slide-ins-847-1344\">\n\t\t\t\t\t\t<figure>\n\t\t\t\t\t\t\t\t<img loading=\"lazy\" decoding=\"async\" width=\"500\" height=\"500\" src=\"https:\/\/neuroesplugues.com\/wp-content\/uploads\/2022\/12\/roger.jpg\" class=\"attachment-awsm_team size-awsm_team wp-post-image\" alt=\"\" \/>\t\t\t\t\t\t\t\t<figcaption>\n\t\t\t\t\t\t\t\t\t<div class=\"awsm-personal-info\"><span>Director y Fundador de NeuroEsplugues<\/span><h3>Roger Chaler i Baul\u00e9s<\/h3><\/div>\t\t\t\t\t\t\t\t<\/figcaption>\n\t\t\t\t\t\t<\/figure>\n\t\t\t\t\t<\/span>\n\t\t\t\t<\/div>\n\t\t\t\t\t\t\t<div id=\"awsm-member-847-1363\" class=\"awsm-grid-card awsm-team-item awsm-scale-anm awsm-all\">\n\t\t\t\t\t<span class=\"awsm-team-link-control awsm-modal-trigger awsm-modal-trigger-1363\" data-trigger=\"#slide-ins-847-1363\">\n\t\t\t\t\t\t<figure>\n\t\t\t\t\t\t\t\t<img loading=\"lazy\" decoding=\"async\" width=\"500\" height=\"500\" src=\"https:\/\/neuroesplugues.com\/wp-content\/uploads\/2022\/12\/vero.jpg\" class=\"attachment-awsm_team size-awsm_team wp-post-image\" alt=\"\" \/>\t\t\t\t\t\t\t\t<figcaption>\n\t\t\t\t\t\t\t\t\t<div class=\"awsm-personal-info\"><span>Neuropsic\u00f3loga Cl\u00ednica<\/span><h3>Ver\u00f2nica Freniche Rodr\u00edguez<\/h3><\/div>\t\t\t\t\t\t\t\t<\/figcaption>\n\t\t\t\t\t\t<\/figure>\n\t\t\t\t\t<\/span>\n\t\t\t\t<\/div>\n\t\t\t\t\t\t\t<div id=\"awsm-member-847-1365\" class=\"awsm-grid-card awsm-team-item awsm-scale-anm awsm-all\">\n\t\t\t\t\t<span class=\"awsm-team-link-control awsm-modal-trigger awsm-modal-trigger-1365\" data-trigger=\"#slide-ins-847-1365\">\n\t\t\t\t\t\t<figure>\n\t\t\t\t\t\t\t\t<img loading=\"lazy\" decoding=\"async\" width=\"500\" height=\"500\" src=\"https:\/\/neuroesplugues.com\/wp-content\/uploads\/2022\/12\/Georgina-WEB.jpg\" class=\"attachment-awsm_team size-awsm_team wp-post-image\" alt=\"\" \/>\t\t\t\t\t\t\t\t<figcaption>\n\t\t\t\t\t\t\t\t\t<div class=\"awsm-personal-info\"><span>Neuropsic\u00f3loga Cl\u00ednica<\/span><h3>Georgina Pascual Borr\u00e0s<\/h3><\/div>\t\t\t\t\t\t\t\t<\/figcaption>\n\t\t\t\t\t\t<\/figure>\n\t\t\t\t\t<\/span>\n\t\t\t\t<\/div>\n\t\t\t\t\t\t\t<div id=\"awsm-member-847-1356\" class=\"awsm-grid-card awsm-team-item awsm-scale-anm awsm-all\">\n\t\t\t\t\t<span class=\"awsm-team-link-control awsm-modal-trigger awsm-modal-trigger-1356\" data-trigger=\"#slide-ins-847-1356\">\n\t\t\t\t\t\t<figure>\n\t\t\t\t\t\t\t\t<img loading=\"lazy\" decoding=\"async\" width=\"500\" height=\"500\" src=\"https:\/\/neuroesplugues.com\/wp-content\/uploads\/2022\/12\/bea.jpg\" class=\"attachment-awsm_team size-awsm_team wp-post-image\" alt=\"\" \/>\t\t\t\t\t\t\t\t<figcaption>\n\t\t\t\t\t\t\t\t\t<div class=\"awsm-personal-info\"><span>Fisioterapeuta Neurol\u00f3gica   <\/span><h3>Beatriz Mart\u00edn Lamata<\/h3><\/div>\t\t\t\t\t\t\t\t<\/figcaption>\n\t\t\t\t\t\t<\/figure>\n\t\t\t\t\t<\/span>\n\t\t\t\t<\/div>\n\t\t\t\t\t\t\t<div id=\"awsm-member-847-1361\" class=\"awsm-grid-card awsm-team-item awsm-scale-anm awsm-all\">\n\t\t\t\t\t<span class=\"awsm-team-link-control awsm-modal-trigger awsm-modal-trigger-1361\" data-trigger=\"#slide-ins-847-1361\">\n\t\t\t\t\t\t<figure>\n\t\t\t\t\t\t\t\t<img loading=\"lazy\" decoding=\"async\" width=\"500\" height=\"500\" src=\"https:\/\/neuroesplugues.com\/wp-content\/uploads\/2022\/12\/Foto-Sarai-cuadrada500.jpg\" class=\"attachment-awsm_team size-awsm_team wp-post-image\" alt=\"\" \/>\t\t\t\t\t\t\t\t<figcaption>\n\t\t\t\t\t\t\t\t\t<div class=\"awsm-personal-info\"><span>Psic\u00f3loga Infantojuvenil y Neuropsic\u00f3loga<\/span><h3>Sarai Rocha Salvador<\/h3><\/div>\t\t\t\t\t\t\t\t<\/figcaption>\n\t\t\t\t\t\t<\/figure>\n\t\t\t\t\t<\/span>\n\t\t\t\t<\/div>\n\t\t\t\t\t\t\t<div id=\"awsm-member-847-1367\" class=\"awsm-grid-card awsm-team-item awsm-scale-anm awsm-all\">\n\t\t\t\t\t<span class=\"awsm-team-link-control awsm-modal-trigger awsm-modal-trigger-1367\" data-trigger=\"#slide-ins-847-1367\">\n\t\t\t\t\t\t<figure>\n\t\t\t\t\t\t\t\t<img loading=\"lazy\" decoding=\"async\" width=\"500\" height=\"500\" src=\"https:\/\/neuroesplugues.com\/wp-content\/uploads\/2022\/12\/elena.jpg\" class=\"attachment-awsm_team size-awsm_team wp-post-image\" alt=\"\" \/>\t\t\t\t\t\t\t\t<figcaption>\n\t\t\t\t\t\t\t\t\t<div class=\"awsm-personal-info\"><span>Psic\u00f3loga General Sanitaria<\/span><h3>Elena L\u00f3pez Segura<\/h3><\/div>\t\t\t\t\t\t\t\t<\/figcaption>\n\t\t\t\t\t\t<\/figure>\n\t\t\t\t\t<\/span>\n\t\t\t\t<\/div>\n\t\t\t\t\t\t\t<div id=\"awsm-member-847-1370\" class=\"awsm-grid-card awsm-team-item awsm-scale-anm awsm-all\">\n\t\t\t\t\t<span class=\"awsm-team-link-control awsm-modal-trigger awsm-modal-trigger-1370\" data-trigger=\"#slide-ins-847-1370\">\n\t\t\t\t\t\t<figure>\n\t\t\t\t\t\t\t\t<img loading=\"lazy\" decoding=\"async\" width=\"500\" height=\"500\" src=\"https:\/\/neuroesplugues.com\/wp-content\/uploads\/2022\/12\/charo.jpg\" class=\"attachment-awsm_team size-awsm_team wp-post-image\" alt=\"\" \/>\t\t\t\t\t\t\t\t<figcaption>\n\t\t\t\t\t\t\t\t\t<div class=\"awsm-personal-info\"><span>Recepci\u00f3n y Administraci\u00f3n<\/span><h3>Charo L\u00f3pez V\u00e1zquez<\/h3><\/div>\t\t\t\t\t\t\t\t<\/figcaption>\n\t\t\t\t\t\t<\/figure>\n\t\t\t\t\t<\/span>\n\t\t\t\t<\/div>\n\t\t\t\t\t\t\t<div id=\"awsm-member-847-1814\" class=\"awsm-grid-card awsm-team-item awsm-scale-anm awsm-all\">\n\t\t\t\t\t<span class=\"awsm-team-link-control awsm-modal-trigger awsm-modal-trigger-1814\" data-trigger=\"#slide-ins-847-1814\">\n\t\t\t\t\t\t<figure>\n\t\t\t\t\t\t\t\t<img loading=\"lazy\" decoding=\"async\" width=\"500\" height=\"500\" src=\"https:\/\/neuroesplugues.com\/wp-content\/uploads\/2022\/12\/Foto-Mar-Vilchez-CUADRADA500.jpg\" class=\"attachment-awsm_team size-awsm_team wp-post-image\" alt=\"\" \/>\t\t\t\t\t\t\t\t<figcaption>\n\t\t\t\t\t\t\t\t\t<div class=\"awsm-personal-info\"><span>Logopeda especialista en Terapia Miofuncional<\/span><h3>Mar V\u00edlchez Mart\u00ed<\/h3><\/div>\t\t\t\t\t\t\t\t<\/figcaption>\n\t\t\t\t\t\t<\/figure>\n\t\t\t\t\t<\/span>\n\t\t\t\t<\/div>\n\t\t\t\t\t\t\t<div id=\"awsm-member-847-1854\" class=\"awsm-grid-card awsm-team-item awsm-scale-anm awsm-all\">\n\t\t\t\t\t<span class=\"awsm-team-link-control awsm-modal-trigger awsm-modal-trigger-1854\" data-trigger=\"#slide-ins-847-1854\">\n\t\t\t\t\t\t<figure>\n\t\t\t\t\t\t\t\t<img loading=\"lazy\" decoding=\"async\" width=\"500\" height=\"500\" src=\"https:\/\/neuroesplugues.com\/wp-content\/uploads\/2025\/05\/Lara-fons-blanc-500-500x500.jpg\" class=\"attachment-awsm_team size-awsm_team wp-post-image\" alt=\"\" \/>\t\t\t\t\t\t\t\t<figcaption>\n\t\t\t\t\t\t\t\t\t<div class=\"awsm-personal-info\"><span>Neuropsic\u00f3loga Cl\u00ednica<\/span><h3>Lara Tirado Rodr\u00edguez<\/h3><\/div>\t\t\t\t\t\t\t\t<\/figcaption>\n\t\t\t\t\t\t<\/figure>\n\t\t\t\t\t<\/span>\n\t\t\t\t<\/div>\n\t\t\t\t\t\t\t<div id=\"awsm-member-847-1863\" class=\"awsm-grid-card awsm-team-item awsm-scale-anm awsm-all\">\n\t\t\t\t\t<span class=\"awsm-team-link-control awsm-modal-trigger awsm-modal-trigger-1863\" data-trigger=\"#slide-ins-847-1863\">\n\t\t\t\t\t\t<figure>\n\t\t\t\t\t\t\t\t<img loading=\"lazy\" decoding=\"async\" width=\"500\" height=\"500\" src=\"https:\/\/neuroesplugues.com\/wp-content\/uploads\/2025\/09\/Berta-quadrada500-1.jpg\" class=\"attachment-awsm_team size-awsm_team wp-post-image\" alt=\"\" \/>\t\t\t\t\t\t\t\t<figcaption>\n\t\t\t\t\t\t\t\t\t<div class=\"awsm-personal-info\"><span>Psicopedagoga especialista en Dificultades de Aprendizaje<\/span><h3>Berta Boix Mart\u00ed<\/h3><\/div>\t\t\t\t\t\t\t\t<\/figcaption>\n\t\t\t\t\t\t<\/figure>\n\t\t\t\t\t<\/span>\n\t\t\t\t<\/div>\n\t\t\t\t\t\t\t<div id=\"awsm-member-847-1912\" class=\"awsm-grid-card awsm-team-item awsm-scale-anm awsm-all\">\n\t\t\t\t\t<span class=\"awsm-team-link-control awsm-modal-trigger awsm-modal-trigger-1912\" data-trigger=\"#slide-ins-847-1912\">\n\t\t\t\t\t\t<figure>\n\t\t\t\t\t\t\t\t<img loading=\"lazy\" decoding=\"async\" width=\"500\" height=\"500\" src=\"https:\/\/neuroesplugues.com\/wp-content\/uploads\/2025\/10\/Foto-Aina-cuadrada500.jpg\" class=\"attachment-awsm_team size-awsm_team wp-post-image\" alt=\"\" \/>\t\t\t\t\t\t\t\t<figcaption>\n\t\t\t\t\t\t\t\t\t<div class=\"awsm-personal-info\"><span>Psic\u00f3loga Infantojuvenil y de adultos<\/span><h3>Aina Ruiz de Gauna<\/h3><\/div>\t\t\t\t\t\t\t\t<\/figcaption>\n\t\t\t\t\t\t<\/figure>\n\t\t\t\t\t<\/span>\n\t\t\t\t<\/div>\n\t\t\t\t\t<\/div>\n\t\t<div class=\"awsm-modal-items slide-ins-style style-1 grid-3-col \">\n\t\t\t<div class=\"awsm-modal-items-main\">\n\t\t\t\t\t<div class=\"awsm-modal-header clearfix\">\n\t\t\t\t\t\t<span class=\"awsm-team-link-control awsm-modal-close\"><\/span>\n\t\t\t\t\t\t<span class=\"awsm-modal-nav\">\n\t\t\t\t\t\t\t<span class=\"awsm-team-link-control awsm-nav-item awsm-nav-left\"><i class=\"awsm-icon-arrow-left\"><\/i><\/span>\n\t\t\t\t\t\t\t<span class=\"awsm-team-link-control awsm-nav-item awsm-nav-right\"><i class=\"awsm-icon-arrow-right\"><\/i><\/span>\n\t\t\t\t\t\t<\/span>\n\t\t\t\t\t<\/div>\n\t\t\t\t\t<div id=\"slide-ins-847-1332\" class=\"awsm-modal-item awsm-scale-anm awsm-all\" data-info=\"1332\">\n\t<div id=\"awsm-member-info-847-1332\" class=\"awsm-modal-content\">\n\t\t<div class=\"awsm-modal-content-main\">\n\t\t\t<div class=\"awsm-modal-image-main\">\n\t\t\t\t<img loading=\"lazy\" decoding=\"async\" width=\"500\" height=\"500\" src=\"https:\/\/neuroesplugues.com\/wp-content\/uploads\/2022\/12\/laura.jpg\" class=\"attachment-awsm_team size-awsm_team wp-post-image\" alt=\"\" \/>\t\t\t<\/div>\n\t\t\t<div class=\"awsm-modal-details\">\n\t\t\t\t<h3>Directora y Fundadora de NeuroEsplugues<\/h3><h2>Laura Callej\u00f3n P\u00f3o<\/h2>\n<p>Laura Callej\u00f3n P\u00f3o es licenciada en Psicolog\u00eda y experta en Neuropsicolog\u00eda Cl\u00ednica, reconocida por el Colegio de Psic\u00f3logos de Catalu\u00f1a y acreditada como Psic\u00f3loga Experta en Neuropsicolog\u00eda Cl\u00ednica por el Consejo General de la Psicolog\u00eda en Espa\u00f1a. Licenciada en Psicolog\u00eda por la Universidad de Barcelona en 2006. M\u00e1ster en Neuropsicolog\u00eda Cl\u00ednica Infantil y de Adultos en el 2010 por la Universidad Aut\u00f3noma de Barcelona y M\u00e1ster de Investigaci\u00f3n en Psicolog\u00eda Cl\u00ednica por la misma Universidad en 2012.<\/p>\n\n\n\n<p>Como formaci\u00f3n completar\u00eda posee el curso de Abordaje integral del Trastorno del Espectro del Autismo, que forma parte del Itinerario de especializaci\u00f3n en TEA del equipo de la Unidad de alta especializaci\u00f3n UnimTEA del Hospital Sant Joan de D\u00e9u Barcelona.<\/p>\n\n\n\n<p>Su experiencia se extiende tanto en el campo infantil (da\u00f1o cerebral adquirido y trastornos de aprendizaje) como de adultos (enfermedades neurodegenerativas y da\u00f1o cerebral adquirido).<\/p>\n\n\n\n<p>Trabaj\u00f3 como Neuropsic\u00f3loga Infantil en el <em>Servicio de Neurolog\u00eda de Consultas Externas del Hospital Sant Joan de D\u00e9u de Esplugues<\/em>, realizando exploraciones, informes y pautas de intervenci\u00f3n neuropsicol\u00f3gicas en poblaci\u00f3n infantil y juvenil con da\u00f1o cerebral adquirido, ex-prematuros y poblaci\u00f3n oncol\u00f3gica entre otros. Adem\u00e1s, colabor\u00f3 como Neuropsic\u00f3loga en<em> ISEP Cl\u00ednic-Terrassa<\/em>, realizando diagn\u00f3sticos neuropsicol\u00f3gicos en poblaci\u00f3n infantil (trastornos de aprendizaje principalmente).<\/p>\n\n\n\n<p>Ejerci\u00f3 como Neuropsic\u00f3loga en el <em>Hospital de D\u00eda para enfermedades neurol\u00f3gicas de la Fundaci\u00f3n Sociosanitaria de Barcelona (Hospital Duran y Reynals) <\/em>realizando evaluaciones diagn\u00f3sticas, valoraciones neuropsicol\u00f3gicas de control, tratamiento neuropsicol\u00f3gico (rehabilitaci\u00f3n cognitiva y de conducta), psicoeducaci\u00f3n, apoyo emocional y asesoramiento a pacientes y familiares de poblaci\u00f3n con enfermedades neurodegenerativas y da\u00f1o cerebral adquirido, con afectaci\u00f3n cognitiva y\/o conductual.<\/p>\n\n\n\n<p>Colabor\u00f3 como terapeuta en un proyecto coordinado con la <em>Universidad de la Salle y el Hospital Sant Joan de D\u00e9u, financiado por la Marat\u00f3 de TV3 (2011)<\/em>, realizando programas de rehabilitaci\u00f3n para ni\u00f1os con traumatismos craneoencef\u00e1licos. Tambi\u00e9n fue colaboradora activa del grupo de investigaci\u00f3n \u201cEnfermedades neurol\u00f3gicas minoritarias de base gen\u00e9tica en el \u00e1mbito pedi\u00e1trico\u201d, de la <em>Fundaci\u00f3n Sant Joan de D\u00e9u de Barcelona<\/em>, trabajando en el estudio FIS: Evaluaci\u00f3n cuantitativa cl\u00ednica y radiol\u00f3gica en pacientes PMM2-CDG a trav\u00e9s de una red nacional de profesionales.<\/p>\n\n\n\n<p>Colaboradora docente y tutora de pr\u00e1cticas del M\u00e1ster Universitario en Neuropsicolog\u00eda cl\u00ednica infantil y de adultos de la <em>Universidad Aut\u00f3noma de Barcelona y de la Universidad de Barcelona.<\/em> <\/p>\n\n\n\n<p>Tutora de pr\u00e1cticas del M\u00e1ster Universitario en Psicolog\u00eda General Sanitaria de la <em>Universidad a Distancia de Madrid (UDIMA)<\/em>.<\/p>\n\n\n\n<p>Autora de varios art\u00edculos publicados en revistas cient\u00edficas de medicina nacional e internacional. Participaci\u00f3n en congresos de psicolog\u00eda y neurolog\u00eda con ponencias y comunicaciones orales, as\u00ed como realizaci\u00f3n de sesiones cl\u00ednicas y talleres en el Colegio de Psic\u00f3logos de Catalu\u00f1a (COPC).<\/p>\n\n\n\n<p><\/p>\n<div class=\"awsm-contact-details\"><p><span>:<\/span>Directora y Fundadora de NeuroEsplugues<\/p><p><span>:<\/span>Coordinadora del \u00e1rea infantil y juvenil<\/p><p><span>:<\/span>Neuropsic\u00f3loga cl\u00ednica<\/p><\/div>\t\t\t<\/div>\n\t\t<\/div>\n\t<\/div>\n<\/div>\n<div id=\"slide-ins-847-1344\" class=\"awsm-modal-item awsm-scale-anm awsm-all\" data-info=\"1344\">\n\t<div id=\"awsm-member-info-847-1344\" class=\"awsm-modal-content\">\n\t\t<div class=\"awsm-modal-content-main\">\n\t\t\t<div class=\"awsm-modal-image-main\">\n\t\t\t\t<img loading=\"lazy\" decoding=\"async\" width=\"500\" height=\"500\" src=\"https:\/\/neuroesplugues.com\/wp-content\/uploads\/2022\/12\/roger.jpg\" class=\"attachment-awsm_team size-awsm_team wp-post-image\" alt=\"\" \/>\t\t\t<\/div>\n\t\t\t<div class=\"awsm-modal-details\">\n\t\t\t\t<h3>Director y Fundador de NeuroEsplugues<\/h3><h2>Roger Chaler i Baul\u00e9s<\/h2>\n<p>Roger Chaler i Baul\u00e9s es licenciado en Psicolog\u00eda y experto en Neuropsicolog\u00eda Cl\u00ednica reconocido por el Colegio de Psic\u00f3logos de Catalu\u00f1a y acreditado como Psic\u00f3logo Experto en Neuropsicolog\u00eda Cl\u00ednica por el Consejo General de la Psicolog\u00eda en Espa\u00f1a. Licenciado en psicolog\u00eda por la Universidad de Barcelona en 2004. Master en Neuropsicolog\u00eda y Neurolog\u00eda de la conducta en 2008 por la Universidad Aut\u00f3noma de Barcelona.<\/p>\n\n\n\n<p>Ha trabajado con diferentes tipolog\u00edas de pacientes con da\u00f1o cerebral, tanto a nivel de diagn\u00f3stico como de rehabilitaci\u00f3n. Su experiencia abarca el campo de adultos (enfermedades neurodegenerativas, demencias y da\u00f1o cerebral adquirido) y tambi\u00e9n el campo de la discapacidad intelectual.<\/p>\n\n\n\n<p>Ha trabajado como neuropsic\u00f3logo el Complejo Hospitalario Mart\u00ed i Juli\u00e0 de Salt, Girona. Concretamente los servicios asistenciales para personas con discapacidad intelectual y problemas de conducta como el Servicio Especializado en Salud Mental y Discapacidad Intelectual (SESMDI y UHEDI).<\/p>\n\n\n\n<p>Ha colaborado como neuropsic\u00f3logo en el Instituto Sociol\u00f3gico y Psicol\u00f3gico Aplicado (ISPA) de Barcelona, realizando tareas de evaluaci\u00f3n neuropsicol\u00f3gica, talleres de estimulaci\u00f3n y rehabilitaci\u00f3n cognitiva, intervenci\u00f3n con personas con demencia, da\u00f1o cerebral adquirido y sus familias.<\/p>\n\n\n\n<p>Tambi\u00e9n ha trabajado con el Instituto de Atenci\u00f3n e Investigaci\u00f3n en Discapacidad Intelectual (INARDI) de Badalona, trabajando en el abordaje de los problemas de conducta a partir del an\u00e1lisis funcional e integral, la elaboraci\u00f3n de programas individuales de modificaci\u00f3n de conducta, adem\u00e1s de valoraciones psicopatol\u00f3gicas, neuropsicol\u00f3gicas y la intervenci\u00f3n con familias y\/o el personal de atenci\u00f3n directa.<\/p>\n\n\n\n<p>En el \u00e1mbito de la investigaci\u00f3n ha colaborado en la adaptaci\u00f3n de instrumentos de valoraci\u00f3n psicopatol\u00f3gica y en el estudio del envejecimiento en personas con discapacidad intelectual, tratamiento de la demencia en personas con S\u00edndrome de Down y los problemas de conducta en personas con discapacidad intelectual en INARDI. Participa tambi\u00e9n en congresos de psicolog\u00eda y neurolog\u00eda con ponencias y comunicaciones orales.<\/p>\n\n\n\n<p>Tutor de pr\u00e1cticas del M\u00e1ster Universitario en Neuropsicolog\u00eda cl\u00ednica infantil y de adultos de la Universidad Aut\u00f3noma de Barcelona.<\/p>\n\n\n\n<p>Tutor de pr\u00e1cticas del M\u00e1ster Universitario en Psicolog\u00eda General Sanitaria de la Universidad a Distancia de Madrid (UDIMA).<\/p>\n<div class=\"awsm-contact-details\"><p><span>:<\/span>Director y Fundador de NeuroEsplugues<\/p><p><span>:<\/span>Coordinador del \u00e1rea de adultos<\/p><p><span>:<\/span>Neuropsic\u00f3logo Cl\u00ednico<\/p><\/div>\t\t\t<\/div>\n\t\t<\/div>\n\t<\/div>\n<\/div>\n<div id=\"slide-ins-847-1363\" class=\"awsm-modal-item awsm-scale-anm awsm-all\" data-info=\"1363\">\n\t<div id=\"awsm-member-info-847-1363\" class=\"awsm-modal-content\">\n\t\t<div class=\"awsm-modal-content-main\">\n\t\t\t<div class=\"awsm-modal-image-main\">\n\t\t\t\t<img loading=\"lazy\" decoding=\"async\" width=\"500\" height=\"500\" src=\"https:\/\/neuroesplugues.com\/wp-content\/uploads\/2022\/12\/vero.jpg\" class=\"attachment-awsm_team size-awsm_team wp-post-image\" alt=\"\" \/>\t\t\t<\/div>\n\t\t\t<div class=\"awsm-modal-details\">\n\t\t\t\t<h3>Neuropsic\u00f3loga Cl\u00ednica<\/h3><h2>Ver\u00f2nica Freniche Rodr\u00edguez<\/h2>\n<p>Ver\u00f2nica Freniche Rodr\u00edguez es licenciada en Psicolog\u00eda y experta en Neuropsicolog\u00eda Cl\u00ednica reconocida por el Col\u00b7legi de Psic\u00f2legs de Catalunya. Licenciada en Psicolog\u00eda por la Universitat Aut\u00f2noma de Barcelona el a\u00f1o 2006. M\u00e1ster en Neuropsicologia Cl\u00ednica Infantil i d&#8217;Adults en el 2010 por la Universitat Aut\u00f2noma de Barcelona. Postgrado en Atenci\u00f3n psicol\u00f3gica y acci\u00f3n comunitaria, feminismos y LGTBIQ+ a cargo de la entidad feminista <em>El Safareig.<\/em><\/p>\n\n\n\n<p>Su experiencia comprende tanto el trabajo en diagn\u00f3stico, como en seguimiento y tratamiento de diversos tipos de pacientes desde infantil, adultos y vejez.<\/p>\n\n\n\n<p>Ha trabajado en el Servicio de Consultas Externas de Psiquiatr\u00eda de la Vall d\u2019Hebron realizando valoraciones neuropsicol\u00f3gicas e informes de orientaci\u00f3n diagn\u00f3stica en poblaci\u00f3n con diversas tipolog\u00edas. Tambi\u00e9n en la Unidad de Traumatolog\u00eda del mismo hospital trabajando con pacientes de rehabilitaci\u00f3n neuropsicol\u00f3gica creando y aplicando programas de tratamiento (patolog\u00edas de tipo vascular y traumatismo craneoencef\u00e1lico). Adem\u00e1s ha participado en un proyecto de investigaci\u00f3n con la Unidad de Psiquiatr\u00eda del Hospital Vall d\u2019Hebron con pacientes con fatiga cr\u00f3nica.<\/p>\n\n\n\n<p>Ha formado parte del equipo de investigaci\u00f3n de la Unidad de Demencias del Valle d&#8217;Hebron durante varios a\u00f1os, unidad en la que tambi\u00e9n ha trabajado como neuropsic\u00f3loga de Consultas Externas (diagn\u00f3stico y seguimiento). Su experiencia con enfermedades neurodegenerativas, se ampl\u00eda al \u00e1mbito residencial durante unos a\u00f1os trabajando haciendo seguimiento cognitivo, estimulaci\u00f3n y apoyo emocional en el Centro para las Personas Mayores Aidar y tambi\u00e9n en el Centro Residencial Font Florida. Aqu\u00ed pudo completar su experiencia trabajando no s\u00f3lo con pacientes sino tambi\u00e9n con familias (asesoramiento y soporte emocional).<\/p>\n\n\n\n<p>En el \u00e1mbito infanto-juvenil, colabor\u00f3 con el Centro Psyncron donde realiz\u00f3 diagn\u00f3stico y tratamiento de diversas patolog\u00edas. Trabaj\u00f3 como reeducadora a domicilio con ni\u00f1os de la Fundaci\u00f3 Anne y tambi\u00e9n con ni\u00f1os de la UTAE del Hospital Sant Joan de D\u00e9u.<\/p>\n\n\n\n<p>Ha participado en varios art\u00edculos publicados en revistas cient\u00edficas de medicina nacional e internacional y mantiene formaci\u00f3n actualizada asistiendo y participando en cursos y congresos de psicolog\u00eda, neuropsicolog\u00eda y neurolog\u00eda. Realiza tambi\u00e9n algunos talleres grupales para personas cuidadoras.<\/p>\n\n\n\n<p>Recientemente ampl\u00eda su formaci\u00f3n con un posgrado donde tiene oportunidad de poder trabajar en el \u00e1mbito escolar (talleres en centros educativos sobre feminismo, acoso y respeto a la diversidad). Ampliando tambi\u00e9n perspectiva sobre colectivos LGTBIQ+. Asimismo, ha observado y acompa\u00f1ado, a nivel emocional y psicol\u00f3gico, a mujeres y menores en situaci\u00f3n de violencia.<\/p>\n\t\t\t<\/div>\n\t\t<\/div>\n\t<\/div>\n<\/div>\n<div id=\"slide-ins-847-1365\" class=\"awsm-modal-item awsm-scale-anm awsm-all\" data-info=\"1365\">\n\t<div id=\"awsm-member-info-847-1365\" class=\"awsm-modal-content\">\n\t\t<div class=\"awsm-modal-content-main\">\n\t\t\t<div class=\"awsm-modal-image-main\">\n\t\t\t\t<img loading=\"lazy\" decoding=\"async\" width=\"500\" height=\"500\" src=\"https:\/\/neuroesplugues.com\/wp-content\/uploads\/2022\/12\/Georgina-WEB.jpg\" class=\"attachment-awsm_team size-awsm_team wp-post-image\" alt=\"\" \/>\t\t\t<\/div>\n\t\t\t<div class=\"awsm-modal-details\">\n\t\t\t\t<h3>Neuropsic\u00f3loga Cl\u00ednica<\/h3><h2>Georgina Pascual Borr\u00e0s<\/h2>\n<p>Georgina Pascual Borr\u00e0s es graduada en Psicolog\u00eda por la Universidad de Barcelona (2020). M\u00e1ster en Diagn\u00f3stico y Rehabilitaci\u00f3n Neuropsicol\u00f3gica (2022) en la Universidad Aut\u00f3noma de Barcelona y M\u00e1ster en Psicolog\u00eda General Sanitaria en la Universidad de Barcelona (2024).<\/p>\n\n\n\n<p>Inici\u00f3 su experiencia en consulta privada en el Centro de Reeducaci\u00f3n Psicopedag\u00f3gico y Logop\u00e9dico en el \u00e1mbito de la reeducaci\u00f3n psicopedag\u00f3gica en ni\u00f1os y adolescentes, as\u00ed como en el diagn\u00f3stico de los trastornos del aprendizaje (dislexia, discalculia, TDAH, TDL, etc.). Por otro lado, en su formaci\u00f3n pr\u00e1ctica ha trabajado en el Hospital de la Santa Creu y Sant Pau en consultas externas, donde ha realizado exploraciones neuropsicol\u00f3gicas en poblaci\u00f3n infanto-juvenil con da\u00f1o cerebral adquirido, discapacidad intelectual, problemas de aprendizaje y poblaci\u00f3n oncol\u00f3gica.<\/p>\n\n\n\n<p>En el \u00e1mbito de adultos, cuenta con formaci\u00f3n s\u00f3lida en Terapia Cognitivo-Conductual, desarrollada durante dos a\u00f1os en la Unidad de Terapia de Conducta de la Universidad de Barcelona. Adem\u00e1s, en el Hospital de la Santa Creu i Sant Pau ha acumulado experiencia en la evaluaci\u00f3n neuropsicol\u00f3gica de pacientes con enfermedades neurodegenerativas, demencias y da\u00f1o cerebral adquirido.<\/p>\n\n\n\n<p>Actualmente compagina la pr\u00e1ctica cl\u00ednica con la docencia como profesora asociada y tutora de Trabajos de Fin de Grado y de Fin de M\u00e1ster en la Universidad de Barcelona, en el Grado de Psicolog\u00eda y en el M\u00e1ster en Psicolog\u00eda General Sanitaria.<\/p>\n\t\t\t<\/div>\n\t\t<\/div>\n\t<\/div>\n<\/div>\n<div id=\"slide-ins-847-1356\" class=\"awsm-modal-item awsm-scale-anm awsm-all\" data-info=\"1356\">\n\t<div id=\"awsm-member-info-847-1356\" class=\"awsm-modal-content\">\n\t\t<div class=\"awsm-modal-content-main\">\n\t\t\t<div class=\"awsm-modal-image-main\">\n\t\t\t\t<img loading=\"lazy\" decoding=\"async\" width=\"500\" height=\"500\" src=\"https:\/\/neuroesplugues.com\/wp-content\/uploads\/2022\/12\/bea.jpg\" class=\"attachment-awsm_team size-awsm_team wp-post-image\" alt=\"\" \/>\t\t\t<\/div>\n\t\t\t<div class=\"awsm-modal-details\">\n\t\t\t\t<h3>Fisioterapeuta Neurol\u00f3gica   <\/h3><h2>Beatriz Mart\u00edn Lamata<\/h2>\n<p>Beatriz Mart\u00edn Lamata es diplomada en Fisioterapia por la Escuela Universitaria Gimbernat desde el 2006 y formada en el Concepto Bobath desde el 2009.<\/p>\n\n\n\n<p>Despu\u00e9s de finalizar la diplomatura, sigui\u00f3 la l\u00ednea de la Neurolog\u00eda especializ\u00e1ndose mediante la realizaci\u00f3n de varios cursos: el introductorio, el b\u00e1sico y el avanzado del Concepto Bobath. Introductorio de Bobath en el ni\u00f1o. Curso b\u00e1sico en el Concepto Perfetti. Control Motor y Equilibrio. Tratamiento de la extremidad superior en Da\u00f1o Cerebral Adquirido. Curso b\u00e1sico de Kinaesthetics. Terapia Espejo. Curso en terapia Neurovisopostural<\/p>\n\n\n\n<p>Para completar la formaci\u00f3n en neurolog\u00eda tambi\u00e9n ha realizado cursos en t\u00e9cnicas neurodin\u00e1micas, Terapia Manual en Pediatr\u00eda, Control motor lumbop\u00e9lvico y escapular y curso en el S\u00edndrome del dolor miofascial (punci\u00f3n seca).&nbsp;&nbsp;<\/p>\n\n\n\n<p>Su experiencia en Neurolog\u00eda se inici\u00f3 en Francia, en 2007, en varios centros de rehabilitaci\u00f3n y hospitales especializados en Neurolog\u00eda, en los que tuvo la oportunidad de trabajar con equipos multidisciplinares donde trataban pacientes con Ictus, Traumatismos Craneoencef\u00e1licos, Esclerosis M\u00faltiple, Parkinson, Alzheimer, Enfermedades Neuromusculares, etc.<\/p>\n\n\n\n<p>A la vuelta, en 2013, trabaj\u00f3 en el Centro de Rehabilitaci\u00f3n Neurol\u00f3gica de Bettina Paeth (donde trat\u00f3 pacientes con ictus, traumatismo craneoencef\u00e1lico, esclerosis m\u00faltiple y ELA), en el centro m\u00e9todo Essentis donde trataba a ni\u00f1os con patolog\u00eda neurol\u00f3gica, en el centro Neurae y en el centro Neurosalud (ambos especializados en patolog\u00eda neurol\u00f3gica de adultos).<\/p>\n\n\n\n<p>Como complemento realiz\u00f3 pr\u00e1cticas voluntarias en el centro para ni\u00f1os &#8216;Nin&#8217; y fue asistente y participante del curso de entrenadora de Boccia (deporte adaptado para personas con Par\u00e1lisis Cerebral).<\/p>\n\t\t\t<\/div>\n\t\t<\/div>\n\t<\/div>\n<\/div>\n<div id=\"slide-ins-847-1361\" class=\"awsm-modal-item awsm-scale-anm awsm-all\" data-info=\"1361\">\n\t<div id=\"awsm-member-info-847-1361\" class=\"awsm-modal-content\">\n\t\t<div class=\"awsm-modal-content-main\">\n\t\t\t<div class=\"awsm-modal-image-main\">\n\t\t\t\t<img loading=\"lazy\" decoding=\"async\" width=\"500\" height=\"500\" src=\"https:\/\/neuroesplugues.com\/wp-content\/uploads\/2022\/12\/Foto-Sarai-cuadrada500.jpg\" class=\"attachment-awsm_team size-awsm_team wp-post-image\" alt=\"\" \/>\t\t\t<\/div>\n\t\t\t<div class=\"awsm-modal-details\">\n\t\t\t\t<h3>Psic\u00f3loga Infantojuvenil y Neuropsic\u00f3loga<\/h3><h2>Sarai Rocha Salvador<\/h2>\n<p>Sarai Rocha Salvador es graduada en Psicolog\u00eda por la Universidad de Barcelona en el a\u00f1o 2013. M\u00e1ster de Psicopatolog\u00eda Cl\u00ednica Infantojuvenil por la Universidad Aut\u00f3noma de Barcelona (2016), M\u00e1ster de Neuropsicolog\u00eda Cl\u00ednica (2020) por la Universitat Oberta de Catalunya y M\u00e1ster en Psicolog\u00eda General Sanitaria (2024).<\/p>\n\n\n\n<p><br>Como formaci\u00f3n completar\u00eda posee la Acreditaci\u00f3n cl\u00ednica Autism Diagnostic Observarional Schedul (ADOS) y un curso especializado en Evaluaci\u00f3n diagn\u00f3stica e intervenci\u00f3n en el TDAH por la Fundaci\u00f3n Adana. As\u00ed como el curso de Abordaje integral del Trastorno del Espectro del Autismo, que forma parte del Itinerario de especializaci\u00f3n en TEA del equipo de la Unidad de alta especializaci\u00f3n UnimTEA del Hospital Sant Joan de D\u00e9u Barcelona.<\/p>\n\n\n\n<p><br>Como psic\u00f3loga infantojuvenil, durante su formaci\u00f3n pr\u00e1ctica ha trabajado en el Hospital Sant Joan de D\u00e9u de Barcelona, realizando evaluaciones y tratamiento psicol\u00f3gico a ni\u00f1os con trastornos del Neurodesarrollo y como coterapeuta del grupo de habilidades sociales. As\u00ed como en el Instituto de Atenci\u00f3n Psiqui\u00e1trica y Psicol\u00f3gica (IDAPP), realizando evaluaci\u00f3n, diagnostico e intervenci\u00f3n a ni\u00f1os con Trastorno del Espectro Autista e intervenci\u00f3n directa en el entorno escolar. Tiene experiencia en atenci\u00f3n domiciliaria a ni\u00f1os con trastornos del Neurodesarrollo, de aprendizaje y de conducta.<\/p>\n\n\n\n<p><br>Como neuropsic\u00f3loga de adultos, tiene experiencia en exploraciones neuropsicol\u00f3gicas en enfermedades neurodegenerativas, demencias y da\u00f1o cerebral adquirido. Su experiencia se ampl\u00eda al \u00e1mbito residencial d\u00f3nde realiz\u00f3 evaluaciones y seguimiento cognitivo y emocional, en el Centro de d\u00eda y Residencia Kristel, en la Residencia Edat d\u00b4Or y en el Centro de d\u00eda Mon Barnasalut. <\/p>\n\t\t\t<\/div>\n\t\t<\/div>\n\t<\/div>\n<\/div>\n<div id=\"slide-ins-847-1367\" class=\"awsm-modal-item awsm-scale-anm awsm-all\" data-info=\"1367\">\n\t<div id=\"awsm-member-info-847-1367\" class=\"awsm-modal-content\">\n\t\t<div class=\"awsm-modal-content-main\">\n\t\t\t<div class=\"awsm-modal-image-main\">\n\t\t\t\t<img loading=\"lazy\" decoding=\"async\" width=\"500\" height=\"500\" src=\"https:\/\/neuroesplugues.com\/wp-content\/uploads\/2022\/12\/elena.jpg\" class=\"attachment-awsm_team size-awsm_team wp-post-image\" alt=\"\" \/>\t\t\t<\/div>\n\t\t\t<div class=\"awsm-modal-details\">\n\t\t\t\t<h3>Psic\u00f3loga General Sanitaria<\/h3><h2>Elena L\u00f3pez Segura<\/h2>\n<p>Elena L\u00f3pez Segura es graduada en Psicolog\u00eda por la Universidad Aut\u00f3noma de Barcelona (2016). M\u00e1ster en Psicolog\u00eda General Sanitaria (2018) y M\u00e1ster en Psicolog\u00eda cl\u00ednica infantil y juvenil (2020) en la misma universidad.<\/p>\n\n\n\n<p>Actualmente sigue su formaci\u00f3n en M\u00e1ster del profesorado de secundaria en Orientaci\u00f3n educativa (UNIR).<\/p>\n\n\n\n<p>Durante su formaci\u00f3n pr\u00e1ctica ha trabajado en el centro de Psiquiatr\u00eda y Psicolog\u00eda de Barcelona con la Dra. Conxita Puig. Aqu\u00ed adquiri\u00f3 experiencia en el diagn\u00f3stico y tratamiento a ni\u00f1os y ni\u00f1as con trastornos del aprendizaje, de conducta y TDAH. Asimismo, ha realizado pr\u00e1cticas en el Hospital Universitari Vall d&#8217;Hebron en la Unidad de drogodependencia y TDAH. Tiene experiencia en IDAPP, donde ha desarrollado psicoterapia domiciliaria a ni\u00f1os con TEA. Ha continuado su formaci\u00f3n pr\u00e1ctica en el CDIAP (Centro de Desarrollo Infantil y Atenci\u00f3n Precoz) del Hospital Sant Joan de D\u00e9u de Barcelona, \u200b\u200bdonde realiz\u00f3 evaluaci\u00f3n y tratamiento psicol\u00f3gico a ni\u00f1os con trastornos del neurodesarrollo.<\/p>\n\t\t\t<\/div>\n\t\t<\/div>\n\t<\/div>\n<\/div>\n<div id=\"slide-ins-847-1370\" class=\"awsm-modal-item awsm-scale-anm awsm-all\" data-info=\"1370\">\n\t<div id=\"awsm-member-info-847-1370\" class=\"awsm-modal-content\">\n\t\t<div class=\"awsm-modal-content-main\">\n\t\t\t<div class=\"awsm-modal-image-main\">\n\t\t\t\t<img loading=\"lazy\" decoding=\"async\" width=\"500\" height=\"500\" src=\"https:\/\/neuroesplugues.com\/wp-content\/uploads\/2022\/12\/charo.jpg\" class=\"attachment-awsm_team size-awsm_team wp-post-image\" alt=\"\" \/>\t\t\t<\/div>\n\t\t\t<div class=\"awsm-modal-details\">\n\t\t\t\t<h3>Recepci\u00f3n y Administraci\u00f3n<\/h3><h2>Charo L\u00f3pez V\u00e1zquez<\/h2>\n<p>Charo L\u00f3pez finaliz\u00f3 sus estudios de bachillerato en 1982 en el IES Joanot Martorell de Esplugues de Llobregat. Inici\u00f3 su camino profesional como auxiliar administrativa, se form\u00f3 en ofim\u00e1tica en GUES inform\u00e1tica (1999) y posteriormente realiz\u00f3 un curso de Telefonista, recepcionista en formaci\u00f3n y reciclaje (2000).<\/p>\n\n\n\n<p>Su bagaje por empresas de diferentes sectores le dan m\u00e1s de 20 a\u00f1os de experiencia en recepci\u00f3n, administraci\u00f3n y trato con el cliente\/paciente.<\/p>\n\n\n\n<p>Trabaja en NeuroEsplugues desde el a\u00f1o 2017. Desde entonces, realiza cursos de formaci\u00f3n continuada de manera anual: Excel 2013. Conocimientos esenciales para la oficina. Prevenci\u00f3n, salud y alimentaci\u00f3n en infancia, adolescencia y adultos. Dise\u00f1o de dietas especiales. La comunicaci\u00f3n con ni\u00f1os de 0 a 6 a\u00f1os. Gesti\u00f3n de clientes dif\u00edciles con Inteligencia Emocional.<\/p>\n\t\t\t<\/div>\n\t\t<\/div>\n\t<\/div>\n<\/div>\n<div id=\"slide-ins-847-1814\" class=\"awsm-modal-item awsm-scale-anm awsm-all\" data-info=\"1814\">\n\t<div id=\"awsm-member-info-847-1814\" class=\"awsm-modal-content\">\n\t\t<div class=\"awsm-modal-content-main\">\n\t\t\t<div class=\"awsm-modal-image-main\">\n\t\t\t\t<img loading=\"lazy\" decoding=\"async\" width=\"500\" height=\"500\" src=\"https:\/\/neuroesplugues.com\/wp-content\/uploads\/2022\/12\/Foto-Mar-Vilchez-CUADRADA500.jpg\" class=\"attachment-awsm_team size-awsm_team wp-post-image\" alt=\"\" \/>\t\t\t<\/div>\n\t\t\t<div class=\"awsm-modal-details\">\n\t\t\t\t<h3>Logopeda especialista en Terapia Miofuncional<\/h3><h2>Mar V\u00edlchez Mart\u00ed<\/h2>\n<p>Mar V\u00edlchez Mart\u00ed es graduada en Logopedia y especialista en Terapia Miofuncional.<\/p>\n\n\n\n<p>Graduada en logopedia por la Universidad Aut\u00f3noma de Barcelona (2023) y M\u00e1ster en Motricidad Orofacial por la Fundaci\u00f3n Universitaria del Bages, UManresa (2025).<\/p>\n\n\n\n<p>Inici\u00f3 su carrera profesional en el <em>Gabinete Psicol\u00f3gico Rehder<\/em>, donde actualmente sigue colaborando. En \u00e9ste, realiza tareas de evaluaci\u00f3n, rehabilitaci\u00f3n y reeducaci\u00f3n en poblaci\u00f3n infantil y juvenil con dificultades de aprendizaje, trastornos del lenguaje y del habla, as\u00ed como otras alteraciones miofuncionales como degluciones at\u00edpicas.<\/p>\n\n\n\n<p>Tambi\u00e9n colabora con <em>diversas escuelas de Hospitalet de Llobregat<\/em>, donde se centra en la estimulaci\u00f3n precoz del lenguaje en edades tempranas y en la detecci\u00f3n e intervenci\u00f3n de dificultades en la lectoescritura en ni\u00f1os y ni\u00f1as de edad escolar.<\/p>\n\n\n\n<p>Tuvo la oportunidad de colaborar en el <em>centro OKIDI<\/em>, donde adquiri\u00f3 experiencia en la evaluaci\u00f3n y el tratamiento de diferentes dificultades de la comunicaci\u00f3n y la motricidad orofacial, entre otros.<\/p>\n\n\n\n<p>Tambi\u00e9n tiene experiencia en la atenci\u00f3n a adultos, especialmente en el \u00e1mbito miofuncional, abordando alteraciones relacionadas con h\u00e1bitos orales, respiraci\u00f3n, degluci\u00f3n o alteraciones de freno lingual.<\/p>\n\n\n\n<p>Actualmente, forma parte del equipo de <em>Neuroesplugues<\/em>, ampliando as\u00ed su experiencia en el abordaje interdisciplinario y en el \u00e1mbito neurol\u00f3gico.<\/p>\n\t\t\t<\/div>\n\t\t<\/div>\n\t<\/div>\n<\/div>\n<div id=\"slide-ins-847-1854\" class=\"awsm-modal-item awsm-scale-anm awsm-all\" data-info=\"1854\">\n\t<div id=\"awsm-member-info-847-1854\" class=\"awsm-modal-content\">\n\t\t<div class=\"awsm-modal-content-main\">\n\t\t\t<div class=\"awsm-modal-image-main\">\n\t\t\t\t<img loading=\"lazy\" decoding=\"async\" width=\"500\" height=\"500\" src=\"https:\/\/neuroesplugues.com\/wp-content\/uploads\/2025\/05\/Lara-fons-blanc-500-500x500.jpg\" class=\"attachment-awsm_team size-awsm_team wp-post-image\" alt=\"\" \/>\t\t\t<\/div>\n\t\t\t<div class=\"awsm-modal-details\">\n\t\t\t\t<h3>Neuropsic\u00f3loga Cl\u00ednica<\/h3><h2>Lara Tirado Rodr\u00edguez<\/h2>\n<p>Lara Tirado Rodr\u00edguez es graduada en Psicolog\u00eda por la Universidad de Barcelona (2020). M\u00e1ster en Neuropsicolog\u00eda Cl\u00ednica (2022) en el Instituto Superior de Estudios Psicol\u00f3gicos (ISEP). M\u00e1ster en Psicolog\u00eda Cl\u00ednica Infanto-Juvenil (2023) en la Universidad Abierta de Catalu\u00f1a (UOC) y M\u00e1ster en Psicolog\u00eda General Sanitaria (2025).<\/p>\n\n\n\n<p>Actualmente, est\u00e1 realizando la formaci\u00f3n de Experta en psicoterapia integradora, trauma y EMDR, y el M\u00e1ster de Actualizaci\u00f3n en Intervenci\u00f3n Psicol\u00f3gica y Salud Mental.<\/p>\n\n\n\n<p>Su experiencia se extiende tanto en el campo infantil como de adultos.<\/p>\n\n\n\n<p>Ha trabajado en varios centros privados, realizando reeducaciones psicopedag\u00f3gicas, valoraciones neuropsicol\u00f3gicas y tratamiento psicol\u00f3gico.<\/p>\n\n\n\n<p>Durante su formaci\u00f3n pr\u00e1ctica ha trabajado en el Hospital Sant Joan de D\u00e9u como neuropsic\u00f3loga. Ha realizado exploraciones neuropsicol\u00f3gicas en poblaci\u00f3n infanto-juvenil con da\u00f1o cerebral adquirido, discapacidad intelectual, epilepsia, enfermedades metab\u00f3licas y poblaci\u00f3n oncol\u00f3gica.<\/p>\n\n\n\n<p>Su experiencia en poblaci\u00f3n adulta ha sido en la Fundaci\u00f3n Hermanas Hospitalarias. Donde ha realizado exploraciones neuropsicol\u00f3gicas en la unidad de conducta y memoria, realizando seguimiento y diagn\u00f3stico de demencias. Tambi\u00e9n ha estado realizando psicoterapia en el Centro de Salud Mental de Adultos (CSMA) de esta misma fundaci\u00f3n.<\/p>\n\t\t\t<\/div>\n\t\t<\/div>\n\t<\/div>\n<\/div>\n<div id=\"slide-ins-847-1863\" class=\"awsm-modal-item awsm-scale-anm awsm-all\" data-info=\"1863\">\n\t<div id=\"awsm-member-info-847-1863\" class=\"awsm-modal-content\">\n\t\t<div class=\"awsm-modal-content-main\">\n\t\t\t<div class=\"awsm-modal-image-main\">\n\t\t\t\t<img loading=\"lazy\" decoding=\"async\" width=\"500\" height=\"500\" src=\"https:\/\/neuroesplugues.com\/wp-content\/uploads\/2025\/09\/Berta-quadrada500-1.jpg\" class=\"attachment-awsm_team size-awsm_team wp-post-image\" alt=\"\" \/>\t\t\t<\/div>\n\t\t\t<div class=\"awsm-modal-details\">\n\t\t\t\t<h3>Psicopedagoga especialista en Dificultades de Aprendizaje<\/h3><h2>Berta Boix Mart\u00ed<\/h2>\n<p>Berta Boix Mart\u00ed es graduada en Pedagog\u00eda y Psicopedagog\u00eda.<\/p>\n\n\n\n<p>Graduada en pedagog\u00eda por la Universidad de Barcelona (2019) y M\u00e1ster de Psicopedagog\u00eda por la Universidad Oberta de Catalunya (2023). Curso de formaci\u00f3n sobre Altas Capacidades por AEPSIS (2025).<\/p>\n\n\n\n<p>A lo largo de su trayectoria profesional ha trabajado de <em>educadora de educaci\u00f3n especial en la SIEI<\/em> de una escuela de Barcelona, \u200b\u200bacompa\u00f1ando a alumnado con TEA y trastornos de conducta. Tambi\u00e9n, realizando sustituciones en la etapa de educaci\u00f3n infantil y primaria.<\/p>\n\n\n\n<p>Inici\u00f3 su experiencia como psicopedagoga en el <em>Centre Vincles de Barcelona<\/em>, \u200b\u200bdonde actualmente sigue colaborando. Realiza reeducaciones psicopedag\u00f3gicas a alumnos de infantil, primaria y secundaria, que muestran una dificultad concreta de aprendizaje vinculada a trastornos espec\u00edficos (dislexia, disgraf\u00eda, discalculia, TDA-H, TEL&#8230;) o que precisan mejorar su rendimiento escolar y personal sin presentar un trastorno.<\/p>\n\n\n\n<p>Tambi\u00e9n tiene experiencia abordando la psicopedagog\u00eda desde la vertiente emocional y conductual del alumno con el objetivo de conseguir y favorecer la autoestima, los h\u00e1bitos y estrategias de estudio, la autonom\u00eda, la relaci\u00f3n, la organizaci\u00f3n y planificaci\u00f3n.<\/p>\n\n\n\n<p>Actualmente, forma parte del equipo de <em>Neuroesplugues<\/em>, ampliando as\u00ed su experiencia en el abordaje interdisciplinario y en el \u00e1mbito neurol\u00f3gico.<\/p>\n\n\n\n<p><\/p>\n\t\t\t<\/div>\n\t\t<\/div>\n\t<\/div>\n<\/div>\n<div id=\"slide-ins-847-1912\" class=\"awsm-modal-item awsm-scale-anm awsm-all\" data-info=\"1912\">\n\t<div id=\"awsm-member-info-847-1912\" class=\"awsm-modal-content\">\n\t\t<div class=\"awsm-modal-content-main\">\n\t\t\t<div class=\"awsm-modal-image-main\">\n\t\t\t\t<img loading=\"lazy\" decoding=\"async\" width=\"500\" height=\"500\" src=\"https:\/\/neuroesplugues.com\/wp-content\/uploads\/2025\/10\/Foto-Aina-cuadrada500.jpg\" class=\"attachment-awsm_team size-awsm_team wp-post-image\" alt=\"\" \/>\t\t\t<\/div>\n\t\t\t<div class=\"awsm-modal-details\">\n\t\t\t\t<h3>Psic\u00f3loga Infantojuvenil y de adultos<\/h3><h2>Aina Ruiz de Gauna<\/h2>\n<p>Aina Ruiz de Gauna i de Lacalle es graduada en Psicolog\u00eda por la Universidad de Barcelona (2023) y M\u00e1ster en Psicolog\u00eda General Sanitaria (2025) por la misma Universidad.<\/p>\n\n\n\n<p>Actualmente est\u00e1 cursando la formaci\u00f3n <em>\u00abAplicaciones m\u00f3viles y otras tecnolog\u00edas para personas con TEA\u00bb<\/em> en la Fundaci\u00f3n Orange.<\/p>\n\n\n\n<p>Como psic\u00f3loga infantojuvenil, durante su formaci\u00f3n pr\u00e1ctica, ha trabajado en la <em>Fundaci\u00f3n Privada Guru<\/em>, con ni\u00f1os y adolescentes con TEA y discapacidad intelectual asociada. Tambi\u00e9n ha trabajado en la <em>Asociaci\u00f3n Espectro Autista-Asperger<\/em> de Catalunya, realizando evaluaciones e intervenciones psicol\u00f3gicas, tanto individuales como grupales, a ni\u00f1os y adolescentes con problemas de ansiedad y del estado de \u00e1nimo.<\/p>\n\n\n\n<p>Como psic\u00f3loga de adultos, tiene experiencia en la propia <em>Asociaci\u00f3n de Asperger<\/em>, donde ha realizado intervenciones psicol\u00f3gicas individuales a personas adultas con autismo que presentaban dificultades asociadas como TDAH, TOC, trastornos de ansiedad o del estado de \u00e1nimo. As\u00ed como en el <em>Centro Logos<\/em> con el Dr. Walter Lupo, realizando intervenciones psicol\u00f3gicas individuales a personas adultas con historial de trauma, ansiedad y trastornos del estado de \u00e1nimo.<\/p>\n\n\n\n<p>Ha colaborado en la realizaci\u00f3n del \u00faltimo dossier de revisi\u00f3n cient\u00edfica para <em>\u00abla Asociaci\u00f3n EMDR de Espa\u00f1a\u00bb.<\/em><\/p>\n\n\n\n<p><\/p>\n\t\t\t<\/div>\n\t\t<\/div>\n\t<\/div>\n<\/div>\n\n\t\t\t<\/div>\n\t\t<\/div>\n\t\t<\/div>\n<\/div>\n\t\t<\/div>\n\t\t\t\t<\/div>\n\t\t\t\t\t<\/div>\n\t\t<\/div>\n\t\t\t\t\t\t\t<\/div>\n\t\t<\/section>\n\t\t\t\t\t\t\t<\/div>\n\t\t","protected":false},"excerpt":{"rendered":"<p>Equipo de trabajo Somos un equipo joven, interdisciplinar, con una amplia experiencia cl\u00ednica y en constante formaci\u00f3n. Nos apasiona nuestro trabajo y compartimos un objetivo com\u00fan: alcanzar el mayor bienestar posible de nuestros pacientes y sus familias. Directora y Fundadora de NeuroEsplugues Laura Callej\u00f3n P\u00f3o Director y Fundador de NeuroEsplugues Roger Chaler i Baul\u00e9s Neuropsic\u00f3loga [&hellip;]<\/p>\n","protected":false},"author":1,"featured_media":0,"parent":0,"menu_order":0,"comment_status":"closed","ping_status":"closed","template":"","meta":{"footnotes":""},"class_list":["post-1337","page","type-page","status-publish","hentry"],"_links":{"self":[{"href":"https:\/\/neuroesplugues.com\/es\/wp-json\/wp\/v2\/pages\/1337","targetHints":{"allow":["GET"]}}],"collection":[{"href":"https:\/\/neuroesplugues.com\/es\/wp-json\/wp\/v2\/pages"}],"about":[{"href":"https:\/\/neuroesplugues.com\/es\/wp-json\/wp\/v2\/types\/page"}],"author":[{"embeddable":true,"href":"https:\/\/neuroesplugues.com\/es\/wp-json\/wp\/v2\/users\/1"}],"replies":[{"embeddable":true,"href":"https:\/\/neuroesplugues.com\/es\/wp-json\/wp\/v2\/comments?post=1337"}],"version-history":[{"count":7,"href":"https:\/\/neuroesplugues.com\/es\/wp-json\/wp\/v2\/pages\/1337\/revisions"}],"predecessor-version":[{"id":1701,"href":"https:\/\/neuroesplugues.com\/es\/wp-json\/wp\/v2\/pages\/1337\/revisions\/1701"}],"wp:attachment":[{"href":"https:\/\/neuroesplugues.com\/es\/wp-json\/wp\/v2\/media?parent=1337"}],"curies":[{"name":"wp","href":"https:\/\/api.w.org\/{rel}","templated":true}]}}